{"id":1833,"date":"2017-12-21T10:09:04","date_gmt":"2017-12-21T10:09:04","guid":{"rendered":"https:\/\/elbosquero.com\/donde-comer\/"},"modified":"2023-07-27T22:30:12","modified_gmt":"2023-07-27T20:30:12","slug":"ou-manger","status":"publish","type":"page","link":"https:\/\/elbosquero.com\/fr\/ou-manger\/","title":{"rendered":"O\u00f9 Manger?"},"content":{"rendered":"<p><div class=\"fusion-fullwidth fullwidth-box fusion-builder-row-1 fusion-flex-container nonhundred-percent-fullwidth non-hundred-percent-height-scrolling\" style=\"background-color: rgba(255,255,255,0);background-position: center center;background-repeat: no-repeat;border-width: 0px 0px 0px 0px;border-color:#e2e2e2;border-style:solid;\" ><div class=\"fusion-builder-row fusion-row fusion-flex-align-items-flex-start\" style=\"max-width:1248px;margin-left: calc(-4% \/ 2 );margin-right: calc(-4% \/ 2 );\"><div class=\"fusion-layout-column fusion_builder_column fusion-builder-column-0 fusion_builder_column_1_3 1_3 fusion-flex-column fusion-animated\" data-animationType=\"fadeInLeft\" data-animationDuration=\"2.0\" data-animationOffset=\"top-into-view\"><div class=\"fusion-column-wrapper fusion-flex-justify-content-flex-start fusion-content-layout-column\" style=\"background-position:left top;background-repeat:no-repeat;-webkit-background-size:cover;-moz-background-size:cover;-o-background-size:cover;background-size:cover;padding: 0px 0px 0px 0px;\"><div ><span class=\" fusion-imageframe imageframe-none imageframe-1 hover-type-none\"><img decoding=\"async\" width=\"1500\" height=\"998\" title=\"Alta-gastronomia\" src=\"https:\/\/elbosquero.com\/wp-content\/uploads\/2017\/12\/Alta-gastronomia.jpg\" alt class=\"img-responsive wp-image-2637\"\/><\/span><\/div><\/div><style type=\"text\/css\">.fusion-body .fusion-builder-column-0{width:33.333333333333% !important;margin-top : 0px;margin-bottom : 20px;}.fusion-builder-column-0 > .fusion-column-wrapper {padding-top : 0px !important;padding-right : 0px !important;margin-right : 5.76%;padding-bottom : 0px !important;padding-left : 0px !important;margin-left : 5.76%;}@media only screen and (max-width:1024px) {.fusion-body .fusion-builder-column-0{width:33.333333333333% !important;order : 0;}.fusion-builder-column-0 > .fusion-column-wrapper {margin-right : 5.76%;margin-left : 5.76%;}}@media only screen and (max-width:640px) {.fusion-body .fusion-builder-column-0{width:100% !important;order : 0;}.fusion-builder-column-0 > .fusion-column-wrapper {margin-right : 1.92%;margin-left : 1.92%;}}<\/style><\/div><div class=\"fusion-layout-column fusion_builder_column fusion-builder-column-1 fusion_builder_column_2_3 2_3 fusion-flex-column fusion-flex-align-self-center fusion-animated\" data-animationType=\"fadeInRight\" data-animationDuration=\"2.0\" data-animationOffset=\"top-into-view\"><div class=\"fusion-column-wrapper fusion-flex-justify-content-flex-start fusion-content-layout-column\" style=\"background-position:left top;background-repeat:no-repeat;-webkit-background-size:cover;-moz-background-size:cover;-o-background-size:cover;background-size:cover;padding: 0px 0px 0px 0px;\"><style type=\"text\/css\">@media only screen and (max-width:1024px) {.fusion-title.fusion-title-1{margin-top:10px!important; margin-right:0px!important;margin-bottom:15px!important;margin-left:0px!important;}}@media only screen and (max-width:640px) {.fusion-title.fusion-title-1{margin-top:10px!important; margin-right:0px!important;margin-bottom:10px!important; margin-left:0px!important;}}<\/style><div class=\"fusion-title title fusion-title-1 fusion-sep-none fusion-title-text fusion-title-size-three\" style=\"margin-top:10px;margin-right:0px;margin-bottom:15px;margin-left:0px;\"><h3 class=\"title-heading-left\" style=\"margin:0;\">Haute Gastronomie<\/h3><\/div><div class=\"fusion-text fusion-text-1\"><p>Le <strong>guide Michelin<\/strong> est c\u00e9l\u00e8bre pour attribuer d\u2019une \u00e0 trois \u00ab\u00a0\u00e9toiles de la bonne cuisine\u00a0\u00bb \u00e0 des \u00e9tablissements gastronomiques qui, en r\u00e9f\u00e9rence aux diff\u00e9rents param\u00e8tres \u00e9tablis par leurs propres juges, se distinguent par la qualit\u00e9, la cr\u00e9ativit\u00e9 et le soin de leurs plats. Ici, nous indiquons les restaurants qui ont des \u00e9toiles Michelin les plus proches de El Bosquer\u00f3 \/ El Mirador (*** 3 \u00e9toiles \/ ** 2 \u00e9toiles \/ * 1 \u00e9toile):<\/p>\n<\/div><ul class=\"fusion-checklist fusion-checklist-1\" style=\"font-size:16px;line-height:27.2px;\"><li style=\"background-color:rgba(255,255,255,0);\" class=\"fusion-li-item\"><span style=\"height:27.2px;width:27.2px;margin-right:11.2px;\" class=\"icon-wrapper circle-no\"><i class=\"fusion-li-icon fa-utensils fas\" style=\"color:#94c43c;\" aria-hidden=\"true\"><\/i><\/span><div class=\"fusion-li-item-content\" style=\"margin-left:38.4px;color:#4a4e57;\">\n<p><strong>Celler de Can Roca<\/strong> *** \u00e0 34km. C \/ de Can Sunyer 48, Girona. Tel 972.222.157<\/p>\n<\/div><\/li><li style=\"background-color:rgba(255,255,255,0);\" class=\"fusion-li-item\"><span style=\"height:27.2px;width:27.2px;margin-right:11.2px;\" class=\"icon-wrapper circle-no\"><i class=\"fusion-li-icon fa-utensils fas\" style=\"color:#94c43c;\" aria-hidden=\"true\"><\/i><\/span><div class=\"fusion-li-item-content\" style=\"margin-left:38.4px;color:#4a4e57;\">\n<p><strong>Les Cols<\/strong> ** \u00e0 22km. Ctra de la Canya s \/ n, Olot. Tel 972 269 209<\/p>\n<\/div><\/li><li style=\"background-color:rgba(255,255,255,0);\" class=\"fusion-li-item\"><span style=\"height:27.2px;width:27.2px;margin-right:11.2px;\" class=\"icon-wrapper circle-no\"><i class=\"fusion-li-icon fa-utensils fas\" style=\"color:#94c43c;\" aria-hidden=\"true\"><\/i><\/span><div class=\"fusion-li-item-content\" style=\"margin-left:38.4px;color:#4a4e57;\">\n<p><strong>Ca l&rsquo;Enric<\/strong> * \u00e0 30 km. Ctra De Camprodon N-260 km. 91. T\u00e9l\u00e9phone 972.290.015<\/p>\n<\/div><\/li><li style=\"background-color:rgba(255,255,255,0);\" class=\"fusion-li-item\"><span style=\"height:27.2px;width:27.2px;margin-right:11.2px;\" class=\"icon-wrapper circle-no\"><i class=\"fusion-li-icon fa-utensils fas\" style=\"color:#94c43c;\" aria-hidden=\"true\"><\/i><\/span><div class=\"fusion-li-item-content\" style=\"margin-left:38.4px;color:#4a4e57;\">\n<p><strong>Ca l&rsquo;Arpa<\/strong> * \u00e0 50km. Passeig de la Ind\u00fastria 5, Banyoles. Tel 972.572.353<\/p>\n<\/div><\/li><\/ul><\/div><style type=\"text\/css\">.fusion-body .fusion-builder-column-1{width:66.666666666667% !important;margin-top : 0px;margin-bottom : 20px;}.fusion-builder-column-1 > .fusion-column-wrapper {padding-top : 0px !important;padding-right : 0px !important;margin-right : 2.88%;padding-bottom : 0px !important;padding-left : 0px !important;margin-left : 2.88%;}@media only screen and (max-width:1024px) {.fusion-body .fusion-builder-column-1{width:66.666666666667% !important;order : 0;}.fusion-builder-column-1 > .fusion-column-wrapper {margin-right : 2.88%;margin-left : 2.88%;}}@media only screen and (max-width:640px) {.fusion-body .fusion-builder-column-1{width:100% !important;order : 0;}.fusion-builder-column-1 > .fusion-column-wrapper {margin-right : 1.92%;margin-left : 1.92%;}}<\/style><\/div><\/div><style type=\"text\/css\">.fusion-body .fusion-flex-container.fusion-builder-row-1{ padding-top : 0px;margin-top : 50px;padding-right : 0px;padding-bottom : 0px;margin-bottom : 0px;padding-left : 0px;}<\/style><\/div><div class=\"fusion-fullwidth fullwidth-box fusion-builder-row-2 fusion-flex-container nonhundred-percent-fullwidth non-hundred-percent-height-scrolling\" style=\"background-color: #dedede;background-position: center center;background-repeat: no-repeat;border-width: 0px 0px 0px 0px;border-color:#e2e2e2;border-style:solid;\" ><div class=\"fusion-builder-row fusion-row fusion-flex-align-items-flex-start\" style=\"max-width:1248px;margin-left: calc(-4% \/ 2 );margin-right: calc(-4% \/ 2 );\"><div class=\"fusion-layout-column fusion_builder_column fusion-builder-column-2 fusion_builder_column_2_3 2_3 fusion-flex-column fusion-flex-align-self-center fusion-animated\" data-animationType=\"fadeInLeft\" data-animationDuration=\"2.0\" data-animationOffset=\"top-into-view\"><div class=\"fusion-column-wrapper fusion-flex-justify-content-flex-start fusion-content-layout-column\" style=\"background-position:left top;background-repeat:no-repeat;-webkit-background-size:cover;-moz-background-size:cover;-o-background-size:cover;background-size:cover;padding: 0px 0px 0px 0px;\"><style type=\"text\/css\">@media only screen and (max-width:1024px) {.fusion-title.fusion-title-2{margin-top:10px!important; margin-right:0px!important;margin-bottom:15px!important;margin-left:0px!important;}}@media only screen and (max-width:640px) {.fusion-title.fusion-title-2{margin-top:10px!important; margin-right:0px!important;margin-bottom:10px!important; margin-left:0px!important;}}<\/style><div class=\"fusion-title title fusion-title-2 fusion-sep-none fusion-title-center fusion-title-text fusion-title-size-three\" style=\"margin-top:10px;margin-right:0px;margin-bottom:15px;margin-left:0px;\"><h3 class=\"title-heading-center\" style=\"margin:0;\">CUISINE TRADITIONELLE ET DE PROXIMIT\u00c9<\/h3><\/div><div class=\"fusion-text fusion-text-2\"><ul>\n<li><strong>Fonda Arnau<\/strong> \u2013&nbsp; Cuisine traditionnelle \u2013 Sec. Salvador Sim\u00f3n, 2&nbsp; \u2013 Les Planes d\u00b4Hostoles \u2013 \u00e0 1 Km. Traitement familial et cuisine tr\u00e8s agr\u00e9able, avec quantit\u00e9 et qualit\u00e9 \u00e0 bon prix. Menus tous les jours Tel. 972.44.80.12<\/li>\n<li><strong>Ca La Matilde<\/strong> &#8211; Cuisine traditionnelle &#8211; Ctra de Olot, 42 &#8211; Sant Feliu de Pallerols &#8211; 5 Km. Cuisine traditionnelle \u00e9labor\u00e9e, bonne qualit\u00e9, menus en semaine et menus \u00e0 la carte aux week-ends. Tel 972.44.42.69<\/li>\n<li><strong>Restaurant La Curenya<\/strong> &#8211; Ctra Les Planes \u00e0 Olot &#8211; Les Planes d&rsquo;Hostoles &#8211; 4 Km. Restaurant \u00e9questre, avec des espaces ext\u00e9rieurs tr\u00e8s agr\u00e9ables, une cuisine traditionnelle, des menus en semaine et des menus \u00e0 la carte le week-end. Tel 972.44.42.69<\/li>\n<li><strong>Mas El Siub\u00e9s<\/strong> &#8211; Les Planes d&rsquo;Hostoles &#8211; 8 Km. C&rsquo;est une tr\u00e8s ancienne ferme bien connue dans son environnement. Le 1er octobre 2010, Mas El Siub\u00e8s a ouvert ses portes afin de pouvoir profiter de leur environnement et de leur cuisine traditionnelle de premi\u00e8re qualit\u00e9. Sp\u00e9cialis\u00e9 dans les plats de morue. Tel 972.98.01.87<\/li>\n<li><strong>L&rsquo;Hostalet<\/strong> &#8211; Cuisine traditionnelle &#8211; C \/ Vic 18 &#8211; La Vall d&rsquo;en Bas (Els Hostalets) &#8211; \u00e0 15 Km. Cuisine traditionnelle avec des sp\u00e9cialit\u00e9s de La Garrotxa, bonne qualit\u00e9, menus en semaine et menus \u00e0 la carte aux week-ends. Tel 972.69.00.06<\/li>\n<li><strong>La Moixina<\/strong> &#8211; Pour profiter de ses ext\u00e9rieurs &#8211; Ctra Santa Pau Km 2,7 &#8211; Olot &#8211; 20 Km. Situ\u00e9 dans le Parc Naturel de la Zone Volcanique de La Garrotxa, il dispose de plusieurs salles \u00e0 manger et une grande tente ouverte au printemps et \u00e0 l\u2019\u00e9t\u00e9. Id\u00e9al pour profiter d&rsquo;une promenade dans son environnement avant ou apr\u00e8s avoir mang\u00e9. Menu semaine et menus \u00e0 la carte le week-end l. Tel 972.26.10.00<\/li>\n<li><strong>Hostal Els Ossos<\/strong> &#8211; Id\u00e9al pour aller avec des enfants &#8211; Crtra Santa Pau Km 2,7 &#8211; Batet de la Serra &#8211; 25 Km. Le restaurant Els Ossos dispose de plusieurs salles \u00e0 manger et un espace ext\u00e9rieur pour les jeux d&rsquo;enfants, enti\u00e8rement d\u00e9limit\u00e9 et facile \u00e0 surveiller. Menu en semaine et menu \u00e0 la carte le week-end et les jours f\u00e9ri\u00e9s (fermeture en juillet et jeudi) Il est fortement conseill\u00e9 de r\u00e9server une table. T\u00e9l\u00e9phone 972.266.134 \/ 972.270.817 N&rsquo;accepte pas les cartes de cr\u00e9dit<\/li>\n<li><strong>La C\u00faria Reial<\/strong> &#8211; Dans le centre de Besal\u00fa &#8211; Pla\u00e7a de la Llibertat, 14 &#8211; Besal\u00fa &#8211; 40 Km. Cuisine de march\u00e9 avec une touche d&rsquo;auteur, menu quotidien et menu \u00e0 la carte le week-end, salles \u00e0 manger int\u00e9rieures \u00e0 la d\u00e9coration rustique. Pour les r\u00e9servations: t\u00e9l\u00e9phone 972.59.02.63<\/li>\n<li><strong>Can Xabanet<\/strong> &#8211; Tr\u00e8s proche du lac de Banyoles &#8211; Pla\u00e7a del Carme, 27 &#8211; Banyoles &#8211; 50 Km. Cuisine traditionnelle avec une touche d&rsquo;auteur, menu du jour et menu \u00e0 la carte le week-end, salles \u00e0 manger int\u00e9rieures avec une d\u00e9coration moderne. Pour les r\u00e9servations: t\u00e9l\u00e9phone 972.57.02.52<\/li>\n<\/ul>\n<\/div><\/div><style type=\"text\/css\">.fusion-body .fusion-builder-column-2{width:66.666666666667% !important;margin-top : 0px;margin-bottom : 20px;}.fusion-builder-column-2 > .fusion-column-wrapper {padding-top : 0px !important;padding-right : 0px !important;margin-right : 2.88%;padding-bottom : 0px !important;padding-left : 0px !important;margin-left : 2.88%;}@media only screen and (max-width:1024px) {.fusion-body .fusion-builder-column-2{width:66.666666666667% !important;order : 0;}.fusion-builder-column-2 > .fusion-column-wrapper {margin-right : 2.88%;margin-left : 2.88%;}}@media only screen and (max-width:640px) {.fusion-body .fusion-builder-column-2{width:100% !important;order : 0;}.fusion-builder-column-2 > .fusion-column-wrapper {margin-right : 1.92%;margin-left : 1.92%;}}<\/style><\/div><div class=\"fusion-layout-column fusion_builder_column fusion-builder-column-3 fusion_builder_column_1_3 1_3 fusion-flex-column fusion-animated\" data-animationType=\"fadeInRight\" data-animationDuration=\"2.0\" data-animationOffset=\"top-into-view\"><div class=\"fusion-column-wrapper fusion-flex-justify-content-flex-start fusion-content-layout-column\" style=\"background-position:left top;background-repeat:no-repeat;-webkit-background-size:cover;-moz-background-size:cover;-o-background-size:cover;background-size:cover;padding: 0px 0px 0px 0px;\"><div ><span class=\" fusion-imageframe imageframe-none imageframe-2 hover-type-none\"><img decoding=\"async\" width=\"1500\" height=\"996\" title=\"Cuina-volca\u0300nica-2\" src=\"https:\/\/elbosquero.com\/wp-content\/uploads\/2017\/12\/Cuina-volca\u0300nica-2.jpg\" alt class=\"img-responsive wp-image-2646\"\/><\/span><\/div><div ><style>.fusion-imageframe.imageframe-3{ margin-top : 20PX;}<\/style><span class=\" fusion-imageframe imageframe-none imageframe-3 hover-type-none\"><img decoding=\"async\" width=\"1500\" height=\"1000\" title=\"Cuina-volca\u0300nica-1\" src=\"https:\/\/elbosquero.com\/wp-content\/uploads\/2017\/12\/Cuina-volca\u0300nica-1.jpg\" alt class=\"img-responsive wp-image-2643\"\/><\/span><\/div><\/div><style type=\"text\/css\">.fusion-body .fusion-builder-column-3{width:33.333333333333% !important;margin-top : 0px;margin-bottom : 20px;}.fusion-builder-column-3 > .fusion-column-wrapper {padding-top : 0px !important;padding-right : 0px !important;margin-right : 5.76%;padding-bottom : 0px !important;padding-left : 0px !important;margin-left : 5.76%;}@media only screen and (max-width:1024px) {.fusion-body .fusion-builder-column-3{width:33.333333333333% !important;order : 0;}.fusion-builder-column-3 > .fusion-column-wrapper {margin-right : 5.76%;margin-left : 5.76%;}}@media only screen and (max-width:640px) {.fusion-body .fusion-builder-column-3{width:100% !important;order : 0;}.fusion-builder-column-3 > .fusion-column-wrapper {margin-right : 1.92%;margin-left : 1.92%;}}<\/style><\/div><\/div><style type=\"text\/css\">.fusion-body .fusion-flex-container.fusion-builder-row-2{ padding-top : 60px;margin-top : 50px;padding-right : 0px;padding-bottom : 60px;margin-bottom : -60px;padding-left : 0px;}<\/style><\/div><\/p>\n","protected":false},"excerpt":{"rendered":"","protected":false},"author":1,"featured_media":0,"parent":0,"menu_order":0,"comment_status":"closed","ping_status":"closed","template":"100-width.php","meta":[],"_links":{"self":[{"href":"https:\/\/elbosquero.com\/fr\/wp-json\/wp\/v2\/pages\/1833"}],"collection":[{"href":"https:\/\/elbosquero.com\/fr\/wp-json\/wp\/v2\/pages"}],"about":[{"href":"https:\/\/elbosquero.com\/fr\/wp-json\/wp\/v2\/types\/page"}],"author":[{"embeddable":true,"href":"https:\/\/elbosquero.com\/fr\/wp-json\/wp\/v2\/users\/1"}],"replies":[{"embeddable":true,"href":"https:\/\/elbosquero.com\/fr\/wp-json\/wp\/v2\/comments?post=1833"}],"version-history":[{"count":12,"href":"https:\/\/elbosquero.com\/fr\/wp-json\/wp\/v2\/pages\/1833\/revisions"}],"predecessor-version":[{"id":4509,"href":"https:\/\/elbosquero.com\/fr\/wp-json\/wp\/v2\/pages\/1833\/revisions\/4509"}],"wp:attachment":[{"href":"https:\/\/elbosquero.com\/fr\/wp-json\/wp\/v2\/media?parent=1833"}],"curies":[{"name":"wp","href":"https:\/\/api.w.org\/{rel}","templated":true}]}}